{"id":1632,"date":"2023-09-03T23:25:52","date_gmt":"2023-09-03T21:25:52","guid":{"rendered":"https:\/\/www.foerderverein-emg.de\/?page_id=1632"},"modified":"2023-10-27T15:21:19","modified_gmt":"2023-10-27T13:21:19","slug":"projekte-2023","status":"publish","type":"page","link":"https:\/\/www.foerderverein-emg.de\/?page_id=1632","title":{"rendered":"Projekte 2023"},"content":{"rendered":"\n<p>Unter den Projekten sind gr\u00f6\u00dfere Anschaffungen ( &gt; 2.000 \u20ac ) gelistet, die eine l\u00e4ngere Planung ben\u00f6tigen und oft \u00fcber zweckgebunde Spenden finanziert werden.<\/p>\n\n\n\n<div class=\"wp-block-media-text is-stacked-on-mobile\" style=\"grid-template-columns:20% auto\"><figure class=\"wp-block-media-text__media\"><img loading=\"lazy\" decoding=\"async\" width=\"1024\" height=\"807\" src=\"https:\/\/www.foerderverein-emg.de\/wp-content\/uploads\/2023\/10\/Bild-27.10.23-um-09.07-1-1024x807.jpeg\" alt=\"\" class=\"wp-image-1712 size-full\" srcset=\"https:\/\/www.foerderverein-emg.de\/wp-content\/uploads\/2023\/10\/Bild-27.10.23-um-09.07-1-1024x807.jpeg 1024w, https:\/\/www.foerderverein-emg.de\/wp-content\/uploads\/2023\/10\/Bild-27.10.23-um-09.07-1-300x237.jpeg 300w, https:\/\/www.foerderverein-emg.de\/wp-content\/uploads\/2023\/10\/Bild-27.10.23-um-09.07-1-768x606.jpeg 768w, https:\/\/www.foerderverein-emg.de\/wp-content\/uploads\/2023\/10\/Bild-27.10.23-um-09.07-1-350x276.jpeg 350w, https:\/\/www.foerderverein-emg.de\/wp-content\/uploads\/2023\/10\/Bild-27.10.23-um-09.07-1.jpeg 1286w\" sizes=\"auto, (max-width: 767px) 89vw, (max-width: 1000px) 54vw, (max-width: 1071px) 543px, 580px\" \/><\/figure><div class=\"wp-block-media-text__content\">\n<p style=\"font-size:14px\"><strong>iPAD-Projekt<\/strong><br>Der F\u00f6rderverein unterst\u00fctzt die Einf\u00fchrung der digitalen Klasse und unterst\u00fctzt mit Leihger\u00e4ten, verwaltet die zweckgebunden gespendeten Ger\u00e4te und hilft mit individuellen Finanzierungen.<\/p>\n<\/div><\/div>\n\n\n\n<div style=\"height:40px\" aria-hidden=\"true\" class=\"wp-block-spacer\"><\/div>\n\n\n\n<div class=\"wp-block-media-text is-stacked-on-mobile\" style=\"grid-template-columns:19% auto\"><figure class=\"wp-block-media-text__media\"><img loading=\"lazy\" decoding=\"async\" width=\"640\" height=\"589\" src=\"https:\/\/www.foerderverein-emg.de\/wp-content\/uploads\/2023\/10\/IMG_3970.jpeg\" alt=\"\" class=\"wp-image-1709 size-full\" srcset=\"https:\/\/www.foerderverein-emg.de\/wp-content\/uploads\/2023\/10\/IMG_3970.jpeg 640w, https:\/\/www.foerderverein-emg.de\/wp-content\/uploads\/2023\/10\/IMG_3970-300x276.jpeg 300w, https:\/\/www.foerderverein-emg.de\/wp-content\/uploads\/2023\/10\/IMG_3970-350x322.jpeg 350w\" sizes=\"auto, (max-width: 640px) 100vw, 640px\" \/><\/figure><div class=\"wp-block-media-text__content\">\n<p style=\"font-size:14px\"><strong>Schulkleidung<\/strong><br>Die Hoodies der Kollektionen 2 wurden um einige Farben erweitert.<br>Lange erw\u00fcnscht war auch die Bereitstellung von Zippern, um die der Shop nun erweitert wurde.<\/p>\n<\/div><\/div>\n\n\n\n<div style=\"height:40px\" aria-hidden=\"true\" class=\"wp-block-spacer\"><\/div>\n\n\n\n<div class=\"wp-block-media-text is-stacked-on-mobile\" style=\"grid-template-columns:18% auto\"><figure class=\"wp-block-media-text__media\"><img loading=\"lazy\" decoding=\"async\" width=\"768\" height=\"1024\" src=\"https:\/\/www.foerderverein-emg.de\/wp-content\/uploads\/2023\/06\/IMG_3612-768x1024.jpeg\" alt=\"\" class=\"wp-image-1587 size-full\" srcset=\"https:\/\/www.foerderverein-emg.de\/wp-content\/uploads\/2023\/06\/IMG_3612-768x1024.jpeg 768w, https:\/\/www.foerderverein-emg.de\/wp-content\/uploads\/2023\/06\/IMG_3612-225x300.jpeg 225w, https:\/\/www.foerderverein-emg.de\/wp-content\/uploads\/2023\/06\/IMG_3612-1152x1536.jpeg 1152w, https:\/\/www.foerderverein-emg.de\/wp-content\/uploads\/2023\/06\/IMG_3612-scaled.jpeg 1920w\" sizes=\"auto, (max-width: 767px) 89vw, (max-width: 1000px) 54vw, (max-width: 1071px) 543px, 580px\" \/><\/figure><div class=\"wp-block-media-text__content\">\n<p style=\"font-size:14px\"><strong>Dopper Trinkflaschen<\/strong><br>Neben der Aufstockung der EMG-Kleidung werden die Merchandising-Artikel um die Dopper Trinkflaschen erweitert.<br>Aufgrund der konsequent nachhaltigen Produktion passt die Flasche sehr gut zum Ernst-Mach-Gymnasium.<\/p>\n<\/div><\/div>\n\n\n\n<div style=\"height:40px\" aria-hidden=\"true\" class=\"wp-block-spacer\"><\/div>\n\n\n\n<div class=\"wp-block-media-text is-stacked-on-mobile\" style=\"grid-template-columns:19% auto\"><figure class=\"wp-block-media-text__media\"><img loading=\"lazy\" decoding=\"async\" width=\"771\" height=\"1024\" src=\"https:\/\/www.foerderverein-emg.de\/wp-content\/uploads\/2023\/10\/Bild-27.10.23-um-15.20-771x1024.jpeg\" alt=\"\" class=\"wp-image-1718 size-full\" srcset=\"https:\/\/www.foerderverein-emg.de\/wp-content\/uploads\/2023\/10\/Bild-27.10.23-um-15.20-771x1024.jpeg 771w, https:\/\/www.foerderverein-emg.de\/wp-content\/uploads\/2023\/10\/Bild-27.10.23-um-15.20-226x300.jpeg 226w, https:\/\/www.foerderverein-emg.de\/wp-content\/uploads\/2023\/10\/Bild-27.10.23-um-15.20-768x1020.jpeg 768w, https:\/\/www.foerderverein-emg.de\/wp-content\/uploads\/2023\/10\/Bild-27.10.23-um-15.20-350x465.jpeg 350w, https:\/\/www.foerderverein-emg.de\/wp-content\/uploads\/2023\/10\/Bild-27.10.23-um-15.20.jpeg 818w\" sizes=\"auto, (max-width: 767px) 89vw, (max-width: 1000px) 54vw, (max-width: 1071px) 543px, 580px\" \/><\/figure><div class=\"wp-block-media-text__content\">\n<p style=\"font-size:14px\"><strong>Sponsorenlauf<\/strong><br>Alle Klassen haben flei\u00dfig gesammelt und eine Menge Runden beim Sponsorenlauf absolviert. Die Einnahmen wurden gem\u00e4\u00df Schulkonferenzbeschluss h\u00e4lftig aufgeteilt, zum einen als gemeinn\u00fctzige Spende an die Organisation &#8222;Aktion Deutschland hilft&#8220; zum anderen geht der Restbetrag an den F\u00f6rderverein.<br>Dieser h\u00e4lt das Geld f\u00fcr geplante Projekte, wie z.B. Gestaltung des Aussenbereiches mit Spielger\u00e4ten bereit.<\/p>\n<\/div><\/div>\n","protected":false},"excerpt":{"rendered":"<p>Unter den Projekten sind gr\u00f6\u00dfere Anschaffungen ( &gt; 2.000 \u20ac ) gelistet, die eine l\u00e4ngere Planung ben\u00f6tigen und oft \u00fcber zweckgebunde Spenden finanziert werden. iPAD-ProjektDer F\u00f6rderverein unterst\u00fctzt die Einf\u00fchrung der digitalen Klasse und unterst\u00fctzt mit Leihger\u00e4ten, verwaltet die zweckgebunden gespendeten Ger\u00e4te und hilft mit individuellen Finanzierungen. SchulkleidungDie Hoodies der Kollektionen 2 wurden um einige Farben &hellip; <\/p>\n<p class=\"link-more\"><a href=\"https:\/\/www.foerderverein-emg.de\/?page_id=1632\" class=\"more-link\"><span class=\"screen-reader-text\">\u201eProjekte 2023\u201c <\/span>weiterlesen<\/a><\/p>\n","protected":false},"author":3,"featured_media":0,"parent":17,"menu_order":0,"comment_status":"closed","ping_status":"closed","template":"","meta":{"footnotes":""},"class_list":["post-1632","page","type-page","status-publish","hentry"],"_links":{"self":[{"href":"https:\/\/www.foerderverein-emg.de\/index.php?rest_route=\/wp\/v2\/pages\/1632","targetHints":{"allow":["GET"]}}],"collection":[{"href":"https:\/\/www.foerderverein-emg.de\/index.php?rest_route=\/wp\/v2\/pages"}],"about":[{"href":"https:\/\/www.foerderverein-emg.de\/index.php?rest_route=\/wp\/v2\/types\/page"}],"author":[{"embeddable":true,"href":"https:\/\/www.foerderverein-emg.de\/index.php?rest_route=\/wp\/v2\/users\/3"}],"replies":[{"embeddable":true,"href":"https:\/\/www.foerderverein-emg.de\/index.php?rest_route=%2Fwp%2Fv2%2Fcomments&post=1632"}],"version-history":[{"count":12,"href":"https:\/\/www.foerderverein-emg.de\/index.php?rest_route=\/wp\/v2\/pages\/1632\/revisions"}],"predecessor-version":[{"id":1719,"href":"https:\/\/www.foerderverein-emg.de\/index.php?rest_route=\/wp\/v2\/pages\/1632\/revisions\/1719"}],"up":[{"embeddable":true,"href":"https:\/\/www.foerderverein-emg.de\/index.php?rest_route=\/wp\/v2\/pages\/17"}],"wp:attachment":[{"href":"https:\/\/www.foerderverein-emg.de\/index.php?rest_route=%2Fwp%2Fv2%2Fmedia&parent=1632"}],"curies":[{"name":"wp","href":"https:\/\/api.w.org\/{rel}","templated":true}]}}